{"id":215,"date":"2026-04-27T12:14:49","date_gmt":"2026-04-27T12:14:49","guid":{"rendered":"https:\/\/businesshub.ase.ro\/?page_id=215"},"modified":"2026-04-28T08:23:50","modified_gmt":"2026-04-28T08:23:50","slug":"conferinta-basiq","status":"publish","type":"page","link":"https:\/\/businesshub.ase.ro\/index.php\/conferinta-basiq\/","title":{"rendered":"Conferin\u021ba BASIQ"},"content":{"rendered":"\n<p>Conferin\u021ba interna\u021bional\u0103 <a href=\"https:\/\/conference.ase.ro\/\">BASIQ International Conference on New Trends in Sustainable Business and Consumption<\/a>&nbsp;reprezint\u0103 o platform\u0103 relevant\u0103 de dialog \u0219tiin\u021bific \u0219i profesional \u00een domeniul administr\u0103rii afacerilor, reunind anual cercet\u0103tori \u0219i practicieni din \u00eentreaga lume \u00een jurul unor teme de actualitate precum inovare, sustenabilitate, noi modele de business.<\/p>\n\n\n\n<p>Organizat\u0103 anual \u2013 de peste 10 ani \u2013 \u00een parteneriat cu diverse institu\u021bii academice de prestigiu, na\u021bionale \u0219i interna\u021bionale, \u0219i \u00een str\u00e2ns\u0103 leg\u0103tur\u0103 cu revista&nbsp;Amfiteatru Economic, conferin\u021ba reune\u0219te \u00een cadrul s\u0103u (<a href=\"https:\/\/conference.ase.ro\/212-2\/\">pre\u0219edin\u021bi de conferin\u021b\u0103<\/a>, <a href=\"https:\/\/conference.ase.ro\/organizing-team\/\">echip\u0103 de organizare<\/a>, <a href=\"https:\/\/conference.ase.ro\/editorial-board\/\">comitet editorial<\/a>, <a href=\"https:\/\/conference.ase.ro\/conference-committee\/\">comitet consultativ \u0219tiin\u021bific<\/a>) mul\u021bi membri din cadrul Centrului de Cercet\u0103ri Administrarea Afacerilor.&nbsp; &nbsp;<\/p>\n\n\n\n<p>Conferin\u021ba faciliteaz\u0103&nbsp;transferul direct de cunoa\u0219tere \u00eentre cercetare \u0219i mediul de afaceri, oferind un cadru dinamic pentru prezentarea rezultatelor \u0219tiin\u021bifice \u0219i pentru validarea acestora \u00een contexte reale. Prin sesiuni plenare, prezent\u0103ri academice \u0219i dezbateri interactive, BASIQ International Conference on New Trends in Sustainable Business and Consumption creeaz\u0103 un spa\u021biu de colaborare \u00een care ideile inovatoare sunt transformate \u00een&nbsp;solu\u021bii aplicabile pentru companii, iar provoc\u0103rile reale ale pie\u021bei devin subiecte de cercetare relevant\u0103. Participarea at\u00e2t a mediului academic, c\u00e2t \u0219i a profesioni\u0219tilor din industrie asigur\u0103 o perspectiv\u0103 integrat\u0103, orientat\u0103 spre impact \u0219i rezultate.<\/p>\n\n\n\n<p>\u00cen cadrul ecosistemului dezvoltat de Centrul de Cercet\u0103ri \u00een Administrarea Afacerilor, conferin\u021ba BASIQ International Conference on New Trends in Sustainable Business and Consumption joac\u0103 un rol esen\u021bial, \u00een special, prin:<\/p>\n\n\n\n<div class=\"wp-block-columns is-layout-flex wp-container-core-columns-is-layout-9d6595d7 wp-block-columns-is-layout-flex\">\n<div class=\"wp-block-column is-layout-flow wp-block-column-is-layout-flow\">\n<p class=\"has-text-align-center\"><strong>oferirea de vizibilitate interna\u021bional\u0103 cercet\u0103rii derulate \u00een cadrul Centrului<\/strong><\/p>\n<\/div>\n\n\n\n<div class=\"wp-block-column is-layout-flow wp-block-column-is-layout-flow\">\n<p class=\"has-text-align-center\"><strong>conectarea cercet\u0103rii avansate cu nevoile concrete ale mediului de business<\/strong><\/p>\n<\/div>\n<\/div>\n\n\n\n<div class=\"wp-block-columns is-layout-flex wp-container-core-columns-is-layout-9d6595d7 wp-block-columns-is-layout-flex\">\n<div class=\"wp-block-column is-layout-flow wp-block-column-is-layout-flow\">\n<p class=\"has-text-align-center\"><strong>facilitarea dezvolt\u0103rii de parteneriate strategice \u0219i oportunit\u0103\u021bi de consultan\u021b\u0103 pentru companii<\/strong><\/p>\n<\/div>\n\n\n\n<div class=\"wp-block-column is-layout-flow wp-block-column-is-layout-flow\">\n<p class=\"has-text-align-center\"><strong>crearea unui spa\u021biu de \u00eent\u00e2lnire \u00eentre cercet\u0103tori, reprezentan\u021bi ai mediului de business \u0219i ai societ\u0103\u021bii civile<\/strong><\/p>\n<\/div>\n<\/div>\n\n\n\n<p><\/p>\n","protected":false},"excerpt":{"rendered":"<p>Conferin\u021ba interna\u021bional\u0103 BASIQ International Conference on New Trends in Sustainable Business and Consumption&nbsp;reprezint\u0103 o platform\u0103 relevant\u0103 de dialog \u0219tiin\u021bific \u0219i profesional \u00een domeniul administr\u0103rii afacerilor, reunind anual cercet\u0103tori \u0219i practicieni din \u00eentreaga lume \u00een jurul unor teme de actualitate precum inovare, sustenabilitate, noi modele de business. Organizat\u0103 anual \u2013 de peste 10 ani \u2013 \u00een&hellip;&nbsp;<\/p>\n","protected":false},"author":1,"featured_media":0,"parent":0,"menu_order":0,"comment_status":"closed","ping_status":"closed","template":"","meta":{"neve_meta_sidebar":"","neve_meta_container":"","neve_meta_enable_content_width":"","neve_meta_content_width":0,"neve_meta_title_alignment":"","neve_meta_author_avatar":"","neve_post_elements_order":"","neve_meta_disable_header":"","neve_meta_disable_footer":"","neve_meta_disable_title":"","footnotes":""},"class_list":["post-215","page","type-page","status-publish","hentry"],"_links":{"self":[{"href":"https:\/\/businesshub.ase.ro\/index.php\/wp-json\/wp\/v2\/pages\/215","targetHints":{"allow":["GET"]}}],"collection":[{"href":"https:\/\/businesshub.ase.ro\/index.php\/wp-json\/wp\/v2\/pages"}],"about":[{"href":"https:\/\/businesshub.ase.ro\/index.php\/wp-json\/wp\/v2\/types\/page"}],"author":[{"embeddable":true,"href":"https:\/\/businesshub.ase.ro\/index.php\/wp-json\/wp\/v2\/users\/1"}],"replies":[{"embeddable":true,"href":"https:\/\/businesshub.ase.ro\/index.php\/wp-json\/wp\/v2\/comments?post=215"}],"version-history":[{"count":2,"href":"https:\/\/businesshub.ase.ro\/index.php\/wp-json\/wp\/v2\/pages\/215\/revisions"}],"predecessor-version":[{"id":255,"href":"https:\/\/businesshub.ase.ro\/index.php\/wp-json\/wp\/v2\/pages\/215\/revisions\/255"}],"wp:attachment":[{"href":"https:\/\/businesshub.ase.ro\/index.php\/wp-json\/wp\/v2\/media?parent=215"}],"curies":[{"name":"wp","href":"https:\/\/api.w.org\/{rel}","templated":true}]}}