{"id":213,"date":"2026-04-27T12:14:21","date_gmt":"2026-04-27T12:14:21","guid":{"rendered":"https:\/\/businesshub.ase.ro\/?page_id=213"},"modified":"2026-04-27T16:42:31","modified_gmt":"2026-04-27T16:42:31","slug":"revista-amfiteatru-economic","status":"publish","type":"page","link":"https:\/\/businesshub.ase.ro\/index.php\/revista-amfiteatru-economic\/","title":{"rendered":"Revista Amfiteatru Economic"},"content":{"rendered":"\n<div class=\"wp-block-columns is-layout-flex wp-container-core-columns-is-layout-9d6595d7 wp-block-columns-is-layout-flex\">\n<div class=\"wp-block-column is-layout-flow wp-block-column-is-layout-flow\">\n<p>Revista\u00a0<a href=\"https:\/\/www.amfiteatrueconomic.ro\/Home_RO.aspx\"><strong>Amfiteatru Economic<\/strong>\u00a0<\/a>reprezint\u0103 cea mai prestigioas\u0103 revist\u0103 \u0219tiin\u021bific\u0103 din Rom\u00e2nia dedicat\u0103 cercet\u0103rii \u00een domeniul economic \u0219i al administr\u0103rii afacerilor, activitatea sa deosebit\u0103 de peste 25 de ani fiind recunoscut\u0103 \u0219i prin conferirea distinc\u021biei \u201eExcelen\u021b\u0103 pentru \u00eentreaga activitate\u201d de c\u0103tre Asocia\u021bia Facult\u0103\u021bilor de Economie din Rom\u00e2nia (AFER), \u00een data de 21 noiembrie 2025, cu ocazia \u201eZilei Economistului\u201d \u0219i a \u201eZilei Profesorului de Economie\u201d. <\/p>\n\n\n<div class=\"wp-block-image\">\n<figure class=\"aligncenter size-full is-resized\"><img fetchpriority=\"high\" decoding=\"async\" width=\"754\" height=\"364\" src=\"https:\/\/businesshub.ase.ro\/wp-content\/uploads\/2026\/04\/image-4.png\" alt=\"\" class=\"wp-image-245\" style=\"width:307px;height:auto\" srcset=\"https:\/\/businesshub.ase.ro\/wp-content\/uploads\/2026\/04\/image-4.png 754w, https:\/\/businesshub.ase.ro\/wp-content\/uploads\/2026\/04\/image-4-300x145.png 300w\" sizes=\"(max-width: 754px) 100vw, 754px\" \/><\/figure>\n<\/div><\/div>\n<\/div>\n\n\n\n<p>Amfiteatru Economic promoveaz\u0103 cercetarea economic\u0103 original\u0103 capabil\u0103 s\u0103 contribuie la progresul cunoa\u0219terii \u00een direc\u021bia cre\u0219terii competitivit\u0103\u021bii economiei \u0219i a conducerii responsabile a afacerilor, pentru o dezvoltare durabil\u0103.\u00a0Fondat\u0103 de colegul nostru, domnul prof. univ. emerit dr. Vasile Dinu, DHC, \u00eempreun\u0103 cu domnul prof. univ. dr. Sandu Costache (d. 2023), revista Amfiteatru Economic are, \u00een prezent, \u00een <a href=\"https:\/\/www.amfiteatrueconomic.ro\/BordEditorial_RO.aspx\">comitetul s\u0103u editorial<\/a> \u0219i membri ai Centrului de Cercet\u0103ri Administrarea Afacerilor. Revist\u0103 \u0219tiin\u021bific\u0103\u00a0de tip peer-reviewed, Amfiteatru Economic este cotat\u0103 \u00een cele mai reprezentative baze de date interna\u021bionale, Clarivate Analytics (Social Sciences Citation Index) \u0219i Scopus.<\/p>\n\n\n\n<div class=\"wp-block-columns is-layout-flex wp-container-core-columns-is-layout-9d6595d7 wp-block-columns-is-layout-flex\">\n<div class=\"wp-block-column is-layout-flow wp-block-column-is-layout-flow\">\n<p><strong>Indicatorii scientometrici Clarivate Analytics (2025)<\/strong><\/p>\n\n\n\n<figure class=\"wp-block-image size-full\"><img decoding=\"async\" width=\"769\" height=\"120\" src=\"https:\/\/businesshub.ase.ro\/wp-content\/uploads\/2026\/04\/image-2.png\" alt=\"\" class=\"wp-image-237\" srcset=\"https:\/\/businesshub.ase.ro\/wp-content\/uploads\/2026\/04\/image-2.png 769w, https:\/\/businesshub.ase.ro\/wp-content\/uploads\/2026\/04\/image-2-300x47.png 300w\" sizes=\"(max-width: 769px) 100vw, 769px\" \/><\/figure>\n\n\n\n<p><\/p>\n<\/div>\n\n\n\n<div class=\"wp-block-column is-layout-flow wp-block-column-is-layout-flow\">\n<p class=\"has-text-align-center\"><strong>Indicatorii scientometrici \u2013 Scopus (2025)<\/strong><\/p>\n\n\n\n<figure class=\"wp-block-image size-full\"><img decoding=\"async\" width=\"624\" height=\"59\" src=\"https:\/\/businesshub.ase.ro\/wp-content\/uploads\/2026\/04\/image-3.png\" alt=\"\" class=\"wp-image-238\" srcset=\"https:\/\/businesshub.ase.ro\/wp-content\/uploads\/2026\/04\/image-3.png 624w, https:\/\/businesshub.ase.ro\/wp-content\/uploads\/2026\/04\/image-3-300x28.png 300w\" sizes=\"(max-width: 624px) 100vw, 624px\" \/><\/figure>\n<\/div>\n<\/div>\n\n\n\n<p>Prin tematici actuale stabilite pentru fiecare num\u0103r, Amfiteatru Economic faciliteaz\u0103 comunicarea \u0219i diseminarea preocup\u0103rilor cercet\u0103rii \u0219tiin\u021bifice \u00een domeniul economic \u0219i al administr\u0103rii afacerilor \u00een r\u00e2ndul comunit\u0103\u021bii \u0219tiin\u021bifice na\u021bionale \u0219i interna\u021bionale, dar \u0219i \u00een mediul de business. Prin cercetarea de \u00eenalt\u0103 calitate pe care o promoveaz\u0103, revista Amfiteatru Economic genereaz\u0103 perspective deosebit de relevante pentru mediul de afaceri, oferind companiilor acces la tendin\u021be, modele \u0219i bune practici validate \u0219tiin\u021bific. Revista func\u021bioneaz\u0103 astfel ca o platform\u0103 de diseminare a unor cercet\u0103ri cu impact real, facilit\u00e2nd\u00a0transferul de cunoa\u0219tere \u00eentre cercetare \u0219i practic\u0103, devenind un veritabil catalizator al dialogului dintre mediul academic \u0219i cel de business.<\/p>\n\n\n\n<p>\u00cen cadrul ecosistemului dezvoltat de Centrul de Cercet\u0103ri Administrarea Afacerilor, Amfiteatru Economic devine un pilon esen\u021bial prin sus\u021binerea \u0219i promovarea cercet\u0103rii de \u00eenalt\u0103 calitate \u0219i rigoare \u0219tiin\u021bific\u0103, generatoare de valoare, cu impact real asupra economiei \u0219i a administr\u0103rii afacerilor.<\/p>\n","protected":false},"excerpt":{"rendered":"<p>Revista\u00a0Amfiteatru Economic\u00a0reprezint\u0103 cea mai prestigioas\u0103 revist\u0103 \u0219tiin\u021bific\u0103 din Rom\u00e2nia dedicat\u0103 cercet\u0103rii \u00een domeniul economic \u0219i al administr\u0103rii afacerilor, activitatea sa deosebit\u0103 de peste 25 de ani fiind recunoscut\u0103 \u0219i prin conferirea distinc\u021biei \u201eExcelen\u021b\u0103 pentru \u00eentreaga activitate\u201d de c\u0103tre Asocia\u021bia Facult\u0103\u021bilor de Economie din Rom\u00e2nia (AFER), \u00een data de 21 noiembrie 2025, cu ocazia \u201eZilei Economistului\u201d&hellip;&nbsp;<\/p>\n","protected":false},"author":1,"featured_media":0,"parent":0,"menu_order":0,"comment_status":"closed","ping_status":"closed","template":"","meta":{"neve_meta_sidebar":"","neve_meta_container":"","neve_meta_enable_content_width":"","neve_meta_content_width":0,"neve_meta_title_alignment":"","neve_meta_author_avatar":"","neve_post_elements_order":"","neve_meta_disable_header":"","neve_meta_disable_footer":"","neve_meta_disable_title":"","footnotes":""},"class_list":["post-213","page","type-page","status-publish","hentry"],"_links":{"self":[{"href":"https:\/\/businesshub.ase.ro\/index.php\/wp-json\/wp\/v2\/pages\/213","targetHints":{"allow":["GET"]}}],"collection":[{"href":"https:\/\/businesshub.ase.ro\/index.php\/wp-json\/wp\/v2\/pages"}],"about":[{"href":"https:\/\/businesshub.ase.ro\/index.php\/wp-json\/wp\/v2\/types\/page"}],"author":[{"embeddable":true,"href":"https:\/\/businesshub.ase.ro\/index.php\/wp-json\/wp\/v2\/users\/1"}],"replies":[{"embeddable":true,"href":"https:\/\/businesshub.ase.ro\/index.php\/wp-json\/wp\/v2\/comments?post=213"}],"version-history":[{"count":5,"href":"https:\/\/businesshub.ase.ro\/index.php\/wp-json\/wp\/v2\/pages\/213\/revisions"}],"predecessor-version":[{"id":246,"href":"https:\/\/businesshub.ase.ro\/index.php\/wp-json\/wp\/v2\/pages\/213\/revisions\/246"}],"wp:attachment":[{"href":"https:\/\/businesshub.ase.ro\/index.php\/wp-json\/wp\/v2\/media?parent=213"}],"curies":[{"name":"wp","href":"https:\/\/api.w.org\/{rel}","templated":true}]}}